{"id":98,"date":"2015-10-10T16:38:35","date_gmt":"2015-10-10T14:38:35","guid":{"rendered":"http:\/\/agw-wetzikon.ch\/inhalt\/?page_id=98"},"modified":"2024-08-01T15:34:52","modified_gmt":"2024-08-01T13:34:52","slug":"berichte-und-bilder-20142015","status":"publish","type":"page","link":"https:\/\/agw-wetzikon.ch\/inhalt\/berichte-und-bilder-20142015\/","title":{"rendered":"Berichte und Bilder 2014-2015"},"content":{"rendered":"<p><strong>Donnerstrag, 9. April 2015<\/strong><br \/>\nMeinungsforschung: Segen oder Fluch?<br \/>\nVortrag von Werner Reimann<br \/>\n<a href=\"http:\/\/agw-wetzikon.ch\/inhalt\/wp-content\/uploads\/2015\/10\/meinungsforschung.pdf\" target=\"_blank\" rel=\"noopener\">Bericht von Werner Reimann<\/a><\/p>\n<p><strong>Donnerstag, 19. M\u00e4rz 2015<\/strong><br \/>\nF\u00fchrung im Staatsarchiv Z\u00fcrich<br \/>\n<a href=\"http:\/\/agw-wetzikon.ch\/inhalt\/wp-content\/uploads\/2015\/10\/staatsarchiv-fotos.pdf\" target=\"_blank\" rel=\"noopener\">Fotos Hans Ulrich Meili<\/a><\/p>\n<p><strong>Donnerstag, 5. Februar 2015<br \/>\n<\/strong>Uerikon-Bauma-Bahn &#8211; Vortrag von J\u00f6rg Albrecht<br \/>\n<a href=\"http:\/\/agw-wetzikon.ch\/inhalt\/wp-content\/uploads\/2015\/10\/uebb.pdf\" target=\"_blank\" rel=\"noopener\">Bericht von Werner Reimann, Fotos Hans Ulrich Meili<\/a><\/p>\n<p><strong>Freitag, 30. Januar 2015<\/strong><br \/>\nGesellschaftsabend im IWAZ Wetzikon<br \/>\n<a href=\"http:\/\/agw-wetzikon.ch\/inhalt\/wp-content\/uploads\/2015\/10\/iwaz-30januar2015.pdf\" target=\"_blank\" rel=\"noopener\">Bericht von Werner Reimann<\/a><\/p>\n<p><strong><span style=\"font-size: 12pt;\">Donnerstag, 11. Dezember 2014<\/span><\/strong><br \/>\nAdventsanlass im Museum Wetzikon<span style=\"font-size: 12pt;\"><br \/>\nIm Gespr\u00e4ch mit Museumsleiterin Gabriela Fl\u00fceler<strong><br \/>\n<\/strong><a href=\"http:\/\/agw-wetzikon.ch\/inhalt\/wp-content\/uploads\/2015\/10\/advent_11_12_2014.pdf\" target=\"_blank\" rel=\"noopener\">Bericht von Werner Reimann<\/a><\/span><\/p>\n<p><strong><span style=\"font-size: 12pt;\">Donnerstag, 20. November 2014<\/span><\/strong><br \/>\n<span style=\"font-size: 12pt;\">Wald im Z\u00fcrcher Oberland &#8211; das Textildorf<br \/>\nFilm von Robert Brunner<strong><br \/>\n<\/strong><a href=\"http:\/\/agw-wetzikon.ch\/inhalt\/wp-content\/uploads\/2015\/10\/film-robert-brunner.pdf\" target=\"_blank\" rel=\"noopener\">Bericht von Werner Reimann<\/a><\/span><\/p>\n<p><span style=\"font-size: 12pt;\"><strong>Samstag, 25. Oktober 2014<\/strong><br \/>\nMitgliederversammlung und R\u00fccktritt Dieter Hitz<br \/>\n<a href=\"http:\/\/agw-wetzikon.ch\/inhalt\/wp-content\/uploads\/2015\/10\/gv_25-oktober-2014.pdf\" target=\"_blank\" rel=\"noopener\">Bericht von Werner Reimann<\/a><\/span><\/p>\n<p><strong><span style=\"font-size: 12pt;\">Fr\u00fchlingsausflug am Samstag, 10. Mai 2014<\/span><\/strong><br \/>\n<span style=\"font-size: 12pt;\">Hammerschmiede M\u00fchlehorn<\/span><br \/>\n<span style=\"font-size: 12pt;\">St. Gallisch-Schweizerisches Konditorei-, Confiserie- und B\u00e4ckereimuseum Benken<br \/>\n<a href=\"http:\/\/agw-wetzikon.ch\/inhalt\/wp-content\/uploads\/2015\/10\/heisse-sachen.pdf\" target=\"_blank\" rel=\"noopener\">Bericht von Werner Reimann<\/a><a href=\"http:\/\/agw-wetzikon.ch\/inhalt\/ausflug-heisse-sachen-fotos-hans-bernhard\/heisse-sachen-fotos-hans-bernhard\/\" target=\"_blank\" rel=\"noopener\"><br \/>\n<\/a><\/span><\/p>\n<figure style=\"width: 240px\" class=\"wp-caption alignnone\"><a class=\"ngg-fancybox\" title=\" Heisse Sachen\" href=\"http:\/\/agw-wetzikon.ch\/inhalt\/?p=589\" target=\"_blank\" rel=\"noopener\" data-image-id=\"171\" data-src=\"http:\/\/agw-wetzikon.ch\/inhalt\/wp-content\/gallery\/heisse-sachen\/2769522116.jpg\" data-thumbnail=\"http:\/\/agw-wetzikon.ch\/inhalt\/wp-content\/gallery\/heisse-sachen\/thumbs\/thumbs_2769522116.jpg\" data-title=\"_2769522116\" data-description=\" \"><img decoding=\"async\" class=\"ngg-singlepic ngg-none\" src=\"http:\/\/agw-wetzikon.ch\/inhalt\/wp-content\/gallery\/heisse-sachen\/thumbs\/thumbs_2769522116.jpg\" alt=\"Ausflug Antiquarische Gesellschaft\" width=\"240\" height=\"160\" \/><\/a><figcaption class=\"wp-caption-text\"><a href=\"http:\/\/agw-wetzikon.ch\/inhalt\/?p=589\" target=\"_blank\" rel=\"noopener\">Fotos: Hans Bernhard<\/a><\/figcaption><\/figure>\n","protected":false},"excerpt":{"rendered":"<p>Donnerstrag, 9. April 2015 Meinungsforschung: Segen oder Fluch? Vortrag von Werner Reimann Bericht von Werner Reimann Donnerstag, 19. M\u00e4rz 2015 F\u00fchrung im Staatsarchiv Z\u00fcrich Fotos Hans Ulrich Meili Donnerstag, 5. Februar 2015 Uerikon-Bauma-Bahn &#8211; Vortrag von J\u00f6rg Albrecht Bericht von Werner Reimann, Fotos Hans Ulrich Meili Freitag, 30. Januar 2015 &#8230;<\/p>\n","protected":false},"author":1,"featured_media":586,"parent":0,"menu_order":0,"comment_status":"closed","ping_status":"closed","template":"","meta":{"footnotes":""},"class_list":["post-98","page","type-page","status-publish","has-post-thumbnail","hentry","column","twocol","has-thumbnail"],"_links":{"self":[{"href":"https:\/\/agw-wetzikon.ch\/inhalt\/wp-json\/wp\/v2\/pages\/98","targetHints":{"allow":["GET"]}}],"collection":[{"href":"https:\/\/agw-wetzikon.ch\/inhalt\/wp-json\/wp\/v2\/pages"}],"about":[{"href":"https:\/\/agw-wetzikon.ch\/inhalt\/wp-json\/wp\/v2\/types\/page"}],"author":[{"embeddable":true,"href":"https:\/\/agw-wetzikon.ch\/inhalt\/wp-json\/wp\/v2\/users\/1"}],"replies":[{"embeddable":true,"href":"https:\/\/agw-wetzikon.ch\/inhalt\/wp-json\/wp\/v2\/comments?post=98"}],"version-history":[{"count":0,"href":"https:\/\/agw-wetzikon.ch\/inhalt\/wp-json\/wp\/v2\/pages\/98\/revisions"}],"wp:featuredmedia":[{"embeddable":true,"href":"https:\/\/agw-wetzikon.ch\/inhalt\/wp-json\/wp\/v2\/media\/586"}],"wp:attachment":[{"href":"https:\/\/agw-wetzikon.ch\/inhalt\/wp-json\/wp\/v2\/media?parent=98"}],"curies":[{"name":"wp","href":"https:\/\/api.w.org\/{rel}","templated":true}]}}