{"id":22,"date":"2015-10-08T15:55:47","date_gmt":"2015-10-08T13:55:47","guid":{"rendered":"http:\/\/agw-wetzikon.ch\/inhalt\/?page_id=22"},"modified":"2024-12-04T13:59:38","modified_gmt":"2024-12-04T12:59:38","slug":"vorstand","status":"publish","type":"page","link":"https:\/\/agw-wetzikon.ch\/inhalt\/vorstand\/","title":{"rendered":"Vorstand"},"content":{"rendered":"\t\t<div data-elementor-type=\"wp-page\" data-elementor-id=\"22\" class=\"elementor elementor-22\">\n\t\t\t\t<div class=\"elementor-element elementor-element-72a6072 e-flex e-con-boxed e-con e-parent\" data-id=\"72a6072\" data-element_type=\"container\" data-e-type=\"container\">\n\t\t\t\t\t<div class=\"e-con-inner\">\n\t\t\t\t<div class=\"elementor-element elementor-element-77f7d2b elementor-widget elementor-widget-image-gallery\" data-id=\"77f7d2b\" data-element_type=\"widget\" data-e-type=\"widget\" data-widget_type=\"image-gallery.default\">\n\t\t\t\t<div class=\"elementor-widget-container\">\n\t\t\t\t\t\t\t<div class=\"elementor-image-gallery\">\n\t\t\t<div id='gallery-1' class='gallery galleryid-22 gallery-columns-3 gallery-size-full'><figure class='gallery-item'>\n\t\t\t<div class='gallery-icon portrait'>\n\t\t\t\t<a data-elementor-open-lightbox=\"yes\" data-elementor-lightbox-slideshow=\"77f7d2b\" data-elementor-lightbox-title=\"Werner Reimann, Pr\u00e4sident\" data-e-action-hash=\"#elementor-action%3Aaction%3Dlightbox%26settings%3DeyJpZCI6NjcsInVybCI6Imh0dHBzOlwvXC9hZ3ctd2V0emlrb24uY2hcL2luaGFsdFwvd3AtY29udGVudFwvdXBsb2Fkc1wvMjAxNVwvMTBcL2JSZWltYW5uLmpwZyIsInNsaWRlc2hvdyI6Ijc3ZjdkMmIifQ%3D%3D\" rel='attachment' href='https:\/\/agw-wetzikon.ch\/inhalt\/wp-content\/uploads\/2015\/10\/bReimann.jpg'><img decoding=\"async\" width=\"84\" height=\"122\" src=\"https:\/\/agw-wetzikon.ch\/inhalt\/wp-content\/uploads\/2015\/10\/bReimann.jpg\" class=\"attachment-full size-full\" alt=\"Bild mit Werner Reimann\" aria-describedby=\"gallery-1-67\" \/><\/a>\n\t\t\t<\/div>\n\t\t\t\t<figcaption class='wp-caption-text gallery-caption' id='gallery-1-67'>\n\t\t\t\tWerner Reimann, Pr\u00e4sident\n\t\t\t\t<\/figcaption><\/figure><figure class='gallery-item'>\n\t\t\t<div class='gallery-icon portrait'>\n\t\t\t\t<a data-elementor-open-lightbox=\"yes\" data-elementor-lightbox-slideshow=\"77f7d2b\" data-elementor-lightbox-title=\"Anna-Regula Hagen, Aktuarin\" data-e-action-hash=\"#elementor-action%3Aaction%3Dlightbox%26settings%3DeyJpZCI6Nzg3LCJ1cmwiOiJodHRwczpcL1wvYWd3LXdldHppa29uLmNoXC9pbmhhbHRcL3dwLWNvbnRlbnRcL3VwbG9hZHNcLzIwMTVcLzEwXC9SZWd1bGEtSGFnZW4uanBnIiwic2xpZGVzaG93IjoiNzdmN2QyYiJ9\" rel='attachment' href='https:\/\/agw-wetzikon.ch\/inhalt\/wp-content\/uploads\/2015\/10\/Regula-Hagen.jpg'><img decoding=\"async\" width=\"84\" height=\"122\" src=\"https:\/\/agw-wetzikon.ch\/inhalt\/wp-content\/uploads\/2015\/10\/Regula-Hagen.jpg\" class=\"attachment-full size-full\" alt=\"\" aria-describedby=\"gallery-1-787\" \/><\/a>\n\t\t\t<\/div>\n\t\t\t\t<figcaption class='wp-caption-text gallery-caption' id='gallery-1-787'>\n\t\t\t\tAnna-Regula Hagen\nAktuarin\n\t\t\t\t<\/figcaption><\/figure><figure class='gallery-item'>\n\t\t\t<div class='gallery-icon portrait'>\n\t\t\t\t<a data-elementor-open-lightbox=\"yes\" data-elementor-lightbox-slideshow=\"77f7d2b\" data-elementor-lightbox-title=\"Willi Siegenthaler, Qu\u00e4stor\" data-e-action-hash=\"#elementor-action%3Aaction%3Dlightbox%26settings%3DeyJpZCI6NjgsInVybCI6Imh0dHBzOlwvXC9hZ3ctd2V0emlrb24uY2hcL2luaGFsdFwvd3AtY29udGVudFwvdXBsb2Fkc1wvMjAxNVwvMTBcL2JTaWVnZW50LmpwZyIsInNsaWRlc2hvdyI6Ijc3ZjdkMmIifQ%3D%3D\" rel='attachment' href='https:\/\/agw-wetzikon.ch\/inhalt\/wp-content\/uploads\/2015\/10\/bSiegent.jpg'><img decoding=\"async\" width=\"84\" height=\"122\" src=\"https:\/\/agw-wetzikon.ch\/inhalt\/wp-content\/uploads\/2015\/10\/bSiegent.jpg\" class=\"attachment-full size-full\" alt=\"\" aria-describedby=\"gallery-1-68\" \/><\/a>\n\t\t\t<\/div>\n\t\t\t\t<figcaption class='wp-caption-text gallery-caption' id='gallery-1-68'>\n\t\t\t\tWilli Siegenthaler, Qu\u00e4stor\n\t\t\t\t<\/figcaption><\/figure><figure class='gallery-item'>\n\t\t\t<div class='gallery-icon portrait'>\n\t\t\t\t<a data-elementor-open-lightbox=\"yes\" data-elementor-lightbox-slideshow=\"77f7d2b\" data-elementor-lightbox-title=\"Barbara Fr\u00f6hlich, Beisitzerin\" data-e-action-hash=\"#elementor-action%3Aaction%3Dlightbox%26settings%3DeyJpZCI6NjQsInVybCI6Imh0dHBzOlwvXC9hZ3ctd2V0emlrb24uY2hcL2luaGFsdFwvd3AtY29udGVudFwvdXBsb2Fkc1wvMjAxNVwvMTBcL2JGcm9laGxpLmpwZyIsInNsaWRlc2hvdyI6Ijc3ZjdkMmIifQ%3D%3D\" rel='attachment' href='https:\/\/agw-wetzikon.ch\/inhalt\/wp-content\/uploads\/2015\/10\/bFroehli.jpg'><img loading=\"lazy\" decoding=\"async\" width=\"84\" height=\"122\" src=\"https:\/\/agw-wetzikon.ch\/inhalt\/wp-content\/uploads\/2015\/10\/bFroehli.jpg\" class=\"attachment-full size-full\" alt=\"\" aria-describedby=\"gallery-1-64\" \/><\/a>\n\t\t\t<\/div>\n\t\t\t\t<figcaption class='wp-caption-text gallery-caption' id='gallery-1-64'>\n\t\t\t\tBarbara Fr\u00f6hlich, Beisitzerin\n\t\t\t\t<\/figcaption><\/figure><figure class='gallery-item'>\n\t\t\t<div class='gallery-icon portrait'>\n\t\t\t\t<a data-elementor-open-lightbox=\"yes\" data-elementor-lightbox-slideshow=\"77f7d2b\" data-elementor-lightbox-title=\"Irene Kupper, Beisitzerin\" data-e-action-hash=\"#elementor-action%3Aaction%3Dlightbox%26settings%3DeyJpZCI6Nzk1LCJ1cmwiOiJodHRwczpcL1wvYWd3LXdldHppa29uLmNoXC9pbmhhbHRcL3dwLWNvbnRlbnRcL3VwbG9hZHNcLzIwMTVcLzEyXC9pcmVuZS1rdXBwZXIuanBnIiwic2xpZGVzaG93IjoiNzdmN2QyYiJ9\" rel='attachment' href='https:\/\/agw-wetzikon.ch\/inhalt\/wp-content\/uploads\/2015\/12\/irene-kupper.jpg'><img loading=\"lazy\" decoding=\"async\" width=\"84\" height=\"122\" src=\"https:\/\/agw-wetzikon.ch\/inhalt\/wp-content\/uploads\/2015\/12\/irene-kupper.jpg\" class=\"attachment-full size-full\" alt=\"\" aria-describedby=\"gallery-1-795\" \/><\/a>\n\t\t\t<\/div>\n\t\t\t\t<figcaption class='wp-caption-text gallery-caption' id='gallery-1-795'>\n\t\t\t\tIrene Kupper, Beisitzerin\n\t\t\t\t<\/figcaption><\/figure><figure class='gallery-item'>\n\t\t\t<div class='gallery-icon portrait'>\n\t\t\t\t<a data-elementor-open-lightbox=\"yes\" data-elementor-lightbox-slideshow=\"77f7d2b\" data-elementor-lightbox-title=\"Balz Hausenbauer, Beisitzer\" data-e-action-hash=\"#elementor-action%3Aaction%3Dlightbox%26settings%3DeyJpZCI6MjMxMiwidXJsIjoiaHR0cHM6XC9cL2Fndy13ZXR6aWtvbi5jaFwvaW5oYWx0XC93cC1jb250ZW50XC91cGxvYWRzXC8yMDI0XC8xMVwvQmFsei1IYXVzZW5iYXVlci1zY2FsZWQtZTE3MzMzMTYxNjgyNjYuanBnIiwic2xpZGVzaG93IjoiNzdmN2QyYiJ9\" rel='attachment' href='https:\/\/agw-wetzikon.ch\/inhalt\/wp-content\/uploads\/2024\/11\/Balz-Hausenbauer-scaled-e1733316168266.jpg'><img loading=\"lazy\" decoding=\"async\" width=\"84\" height=\"126\" src=\"https:\/\/agw-wetzikon.ch\/inhalt\/wp-content\/uploads\/2024\/11\/Balz-Hausenbauer-scaled-e1733316168266.jpg\" class=\"attachment-full size-full\" alt=\"Balz Hausenbauer, Beisitzer Antiquarische Gesellschaft\" aria-describedby=\"gallery-1-2312\" \/><\/a>\n\t\t\t<\/div>\n\t\t\t\t<figcaption class='wp-caption-text gallery-caption' id='gallery-1-2312'>\n\t\t\t\tBalz Hausenbauer, Beisitzer\n\t\t\t\t<\/figcaption><\/figure><figure class='gallery-item'>\n\t\t\t<div class='gallery-icon portrait'>\n\t\t\t\t<a data-elementor-open-lightbox=\"yes\" data-elementor-lightbox-slideshow=\"77f7d2b\" data-elementor-lightbox-title=\"Sabrina Iten, Beisitzerin\" data-e-action-hash=\"#elementor-action%3Aaction%3Dlightbox%26settings%3DeyJpZCI6MTg5NywidXJsIjoiaHR0cHM6XC9cL2Fndy13ZXR6aWtvbi5jaFwvaW5oYWx0XC93cC1jb250ZW50XC91cGxvYWRzXC8yMDIxXC8xMFwvU2FicmluYS1JdGVuLXNjYWxlZC1lMTYzMzY4ODU4NTQwMy5qcGciLCJzbGlkZXNob3ciOiI3N2Y3ZDJiIn0%3D\" rel='attachment' href='https:\/\/agw-wetzikon.ch\/inhalt\/wp-content\/uploads\/2021\/10\/Sabrina-Iten-scaled-e1633688585403.jpg'><img loading=\"lazy\" decoding=\"async\" width=\"84\" height=\"122\" src=\"https:\/\/agw-wetzikon.ch\/inhalt\/wp-content\/uploads\/2021\/10\/Sabrina-Iten-scaled-e1633688585403.jpg\" class=\"attachment-full size-full\" alt=\"Sabrina Iten, Beisitzerin Antiquarische Gesellschaft\" aria-describedby=\"gallery-1-1897\" \/><\/a>\n\t\t\t<\/div>\n\t\t\t\t<figcaption class='wp-caption-text gallery-caption' id='gallery-1-1897'>\n\t\t\t\tSabrina Iten, Beisitzerin\n\t\t\t\t<\/figcaption><\/figure>\n\t\t<\/div>\n\t\t<\/div>\n\t\t\t\t\t\t<\/div>\n\t\t\t\t<\/div>\n\t\t\t\t<div class=\"elementor-element elementor-element-00d2548 elementor-widget elementor-widget-text-editor\" data-id=\"00d2548\" data-element_type=\"widget\" data-e-type=\"widget\" data-widget_type=\"text-editor.default\">\n\t\t\t\t<div class=\"elementor-widget-container\">\n\t\t\t\t\t\t\t\t\t<p><strong data-rich-text-format-boundary=\"true\">Kontakt<\/strong><br data-rich-text-line-break=\"true\" \/>Werner Reimann<br data-rich-text-line-break=\"true\" \/>Langfurrenstrasse 9<br data-rich-text-line-break=\"true\" \/>8623 Wetzikon<br data-rich-text-line-break=\"true\" \/>Telefon 044 930 55 53<br data-rich-text-line-break=\"true\" \/><a href=\"mailto:praesident@agw-wetzikon.ch\">praesident@agw-wetzikon.ch<\/a><\/p>\t\t\t\t\t\t\t\t<\/div>\n\t\t\t\t<\/div>\n\t\t\t\t\t<\/div>\n\t\t\t\t<\/div>\n\t\t\t\t<\/div>\n\t\t","protected":false},"excerpt":{"rendered":"<p>Werner Reimann, Pr\u00e4sident Anna-Regula Hagen Aktuarin Willi Siegenthaler, Qu\u00e4stor Barbara Fr\u00f6hlich, Beisitzerin Irene Kupper, Beisitzerin Balz Hausenbauer, Beisitzer Sabrina Iten, Beisitzerin KontaktWerner ReimannLangfurrenstrasse 98623 WetzikonTelefon 044 930 55 53praesident@agw-wetzikon.ch<\/p>\n","protected":false},"author":1,"featured_media":0,"parent":0,"menu_order":0,"comment_status":"closed","ping_status":"closed","template":"","meta":{"footnotes":""},"class_list":["post-22","page","type-page","status-publish","hentry","column","twocol"],"_links":{"self":[{"href":"https:\/\/agw-wetzikon.ch\/inhalt\/wp-json\/wp\/v2\/pages\/22","targetHints":{"allow":["GET"]}}],"collection":[{"href":"https:\/\/agw-wetzikon.ch\/inhalt\/wp-json\/wp\/v2\/pages"}],"about":[{"href":"https:\/\/agw-wetzikon.ch\/inhalt\/wp-json\/wp\/v2\/types\/page"}],"author":[{"embeddable":true,"href":"https:\/\/agw-wetzikon.ch\/inhalt\/wp-json\/wp\/v2\/users\/1"}],"replies":[{"embeddable":true,"href":"https:\/\/agw-wetzikon.ch\/inhalt\/wp-json\/wp\/v2\/comments?post=22"}],"version-history":[{"count":3,"href":"https:\/\/agw-wetzikon.ch\/inhalt\/wp-json\/wp\/v2\/pages\/22\/revisions"}],"predecessor-version":[{"id":2316,"href":"https:\/\/agw-wetzikon.ch\/inhalt\/wp-json\/wp\/v2\/pages\/22\/revisions\/2316"}],"wp:attachment":[{"href":"https:\/\/agw-wetzikon.ch\/inhalt\/wp-json\/wp\/v2\/media?parent=22"}],"curies":[{"name":"wp","href":"https:\/\/api.w.org\/{rel}","templated":true}]}}