{"id":1946,"date":"2022-12-04T11:10:39","date_gmt":"2022-12-04T10:10:39","guid":{"rendered":"https:\/\/agw-wetzikon.ch\/inhalt\/?page_id=1946"},"modified":"2024-08-05T09:53:35","modified_gmt":"2024-08-05T07:53:35","slug":"berichte-2022-2023","status":"publish","type":"page","link":"https:\/\/agw-wetzikon.ch\/inhalt\/berichte-2022-2023\/","title":{"rendered":"Berichte und Bilder 2022-2023"},"content":{"rendered":"\t\t<div data-elementor-type=\"wp-page\" data-elementor-id=\"1946\" class=\"elementor elementor-1946\">\n\t\t\t\t<div class=\"elementor-element elementor-element-bc22a66 e-con-full e-flex e-con e-parent\" data-id=\"bc22a66\" data-element_type=\"container\" data-e-type=\"container\">\n\t\t\t\t<div class=\"elementor-element elementor-element-3b41e28 elementor-widget__width-inherit elementor-widget elementor-widget-heading\" data-id=\"3b41e28\" data-element_type=\"widget\" data-e-type=\"widget\" data-widget_type=\"heading.default\">\n\t\t\t\t<div class=\"elementor-widget-container\">\n\t\t\t\t\t<h2 class=\"elementor-heading-title elementor-size-default\">Donnerstag, 13. April 2023<\/h2>\t\t\t\t<\/div>\n\t\t\t\t<\/div>\n\t\t\t\t<div class=\"elementor-element elementor-element-b683167 elementor-widget elementor-widget-heading\" data-id=\"b683167\" data-element_type=\"widget\" data-e-type=\"widget\" data-widget_type=\"heading.default\">\n\t\t\t\t<div class=\"elementor-widget-container\">\n\t\t\t\t\t<h2 class=\"elementor-heading-title elementor-size-default\">Die neue Seidenstrasse<\/h2>\t\t\t\t<\/div>\n\t\t\t\t<\/div>\n\t\t\t\t<div class=\"elementor-element elementor-element-0c62841 elementor-widget elementor-widget-text-editor\" data-id=\"0c62841\" data-element_type=\"widget\" data-e-type=\"widget\" data-widget_type=\"text-editor.default\">\n\t\t\t\t<div class=\"elementor-widget-container\">\n\t\t\t\t\t\t\t\t\t<p>Der Abschluss unserer Veranstaltungsreihe bildet der Bildvortrag von Ruth und Werner Reimann zu ihrer Bahnreise auf der Seidenstrasse durch Turkmenistan, Usbekistan und Kasachstan. Sie zeigen uns die Pracht von Baudenkm\u00e4lern aus fr\u00fcherer Zeit und sensiblisieren uns abschliessend auch f\u00fcr das Thema &#8222;Neue Seidenstrasse&#8220;. Ganz im Stillen ist es der Weltmacht China in den letzten Jahren gelungen, ihr Netz um die ganze Welt zu spannen. An diesem Abend haben wir wieder einmal ein Fenster zur Welt aufgestossen, wie wir das jedes Jahr neben der Pflege heimatkundlicher, regional oder sogar lokal bezogener Auftritte tun. An diesem Abend war auch wieder erfreulich viel Publikum anwesend.<\/p>\t\t\t\t\t\t\t\t<\/div>\n\t\t\t\t<\/div>\n\t\t\t\t<div class=\"elementor-element elementor-element-b2725c7 elementor-widget elementor-widget-image-gallery\" data-id=\"b2725c7\" data-element_type=\"widget\" data-e-type=\"widget\" data-widget_type=\"image-gallery.default\">\n\t\t\t\t<div class=\"elementor-widget-container\">\n\t\t\t\t\t\t\t<div class=\"elementor-image-gallery\">\n\t\t\t<div id='gallery-1' class='gallery galleryid-1946 gallery-columns-1 gallery-size-gallery-1-thumb'><figure class='gallery-item'>\n\t\t\t<div class='gallery-icon landscape'>\n\t\t\t\t<a data-elementor-open-lightbox=\"yes\" data-elementor-lightbox-slideshow=\"b2725c7\" data-elementor-lightbox-title=\"Vortrag &quot;Die neue Seidenstrasse&quot; mit Ruth und Werner Reimann\" data-e-action-hash=\"#elementor-action%3Aaction%3Dlightbox%26settings%3DeyJpZCI6MjA0MSwidXJsIjoiaHR0cHM6XC9cL2Fndy13ZXR6aWtvbi5jaFwvaW5oYWx0XC93cC1jb250ZW50XC91cGxvYWRzXC8yMDI0XC8wNVwvMTMuMDMuMjAyM19kaWUtbmV1ZS1TZWlkZW5zdHJhc3NlLmpwZWciLCJzbGlkZXNob3ciOiJiMjcyNWM3In0%3D\" rel='attachment' href='https:\/\/agw-wetzikon.ch\/inhalt\/wp-content\/uploads\/2024\/05\/13.03.2023_die-neue-Seidenstrasse.jpeg'><img fetchpriority=\"high\" decoding=\"async\" width=\"432\" height=\"432\" src=\"https:\/\/agw-wetzikon.ch\/inhalt\/wp-content\/uploads\/2024\/05\/13.03.2023_die-neue-Seidenstrasse-432x432.jpeg\" class=\"attachment-gallery-1-thumb size-gallery-1-thumb\" alt=\"\" srcset=\"https:\/\/agw-wetzikon.ch\/inhalt\/wp-content\/uploads\/2024\/05\/13.03.2023_die-neue-Seidenstrasse-432x432.jpeg 432w, https:\/\/agw-wetzikon.ch\/inhalt\/wp-content\/uploads\/2024\/05\/13.03.2023_die-neue-Seidenstrasse-150x150.jpeg 150w, https:\/\/agw-wetzikon.ch\/inhalt\/wp-content\/uploads\/2024\/05\/13.03.2023_die-neue-Seidenstrasse-268x268.jpeg 268w\" sizes=\"(max-width: 432px) 100vw, 432px\" \/><\/a>\n\t\t\t<\/div><\/figure>\n\t\t<\/div>\n\t\t<\/div>\n\t\t\t\t\t\t<\/div>\n\t\t\t\t<\/div>\n\t\t\t\t<\/div>\n\t\t<div class=\"elementor-element elementor-element-ce87762 e-con-full e-flex e-con e-parent\" data-id=\"ce87762\" data-element_type=\"container\" data-e-type=\"container\">\n\t\t\t\t<div class=\"elementor-element elementor-element-77ae541 elementor-widget__width-inherit elementor-widget elementor-widget-heading\" data-id=\"77ae541\" data-element_type=\"widget\" data-e-type=\"widget\" data-widget_type=\"heading.default\">\n\t\t\t\t<div class=\"elementor-widget-container\">\n\t\t\t\t\t<h2 class=\"elementor-heading-title elementor-size-default\">Donnerstag, 16. M\u00e4rz 2023<\/h2>\t\t\t\t<\/div>\n\t\t\t\t<\/div>\n\t\t\t\t<div class=\"elementor-element elementor-element-bc43f93 elementor-widget elementor-widget-heading\" data-id=\"bc43f93\" data-element_type=\"widget\" data-e-type=\"widget\" data-widget_type=\"heading.default\">\n\t\t\t\t<div class=\"elementor-widget-container\">\n\t\t\t\t\t<h2 class=\"elementor-heading-title elementor-size-default\">Damit Bilder Bilder und T\u00f6ne T\u00f6ne bleiben<\/h2>\t\t\t\t<\/div>\n\t\t\t\t<\/div>\n\t\t\t\t<div class=\"elementor-element elementor-element-c7d505f elementor-widget elementor-widget-text-editor\" data-id=\"c7d505f\" data-element_type=\"widget\" data-e-type=\"widget\" data-widget_type=\"text-editor.default\">\n\t\t\t\t<div class=\"elementor-widget-container\">\n\t\t\t\t\t\t\t\t\t<p>Es ist immer sch\u00f6n, wenn wir auf in Wetzikon ans\u00e4ssige Kompetenz zugreifen k\u00f6nnen. Das war der Fall beim Refarat &#8222;Damit Bilder Bilder und T\u00f6ne T\u00f6ne bleiben&#8220;. Felix Rauh von der Kompetenzstelle Memoriav wohnt schon lange hier und brachte uns die Organisation, bei der er arbeitet, mit gut gew\u00e4hlten Beispielen nahe. Manche unserer Mitglieder sind wohl heimgegangen und aufgrund der Tipss und Hinweise des Referenten selbst auf Zeitreise gegangen.<\/p>\t\t\t\t\t\t\t\t<\/div>\n\t\t\t\t<\/div>\n\t\t\t\t<div class=\"elementor-element elementor-element-1aa2ccc elementor-widget elementor-widget-image-gallery\" data-id=\"1aa2ccc\" data-element_type=\"widget\" data-e-type=\"widget\" data-widget_type=\"image-gallery.default\">\n\t\t\t\t<div class=\"elementor-widget-container\">\n\t\t\t\t\t\t\t<div class=\"elementor-image-gallery\">\n\t\t\t<div id='gallery-2' class='gallery galleryid-1946 gallery-columns-1 gallery-size-gallery-1-thumb'><figure class='gallery-item'>\n\t\t\t<div class='gallery-icon landscape'>\n\t\t\t\t<a data-elementor-open-lightbox=\"yes\" data-elementor-lightbox-slideshow=\"1aa2ccc\" data-elementor-lightbox-title=\"Vortrag &quot;Die neue Seidenstrasse&quot; mit Ruth und Werner Reimann\" data-e-action-hash=\"#elementor-action%3Aaction%3Dlightbox%26settings%3DeyJpZCI6MjA0MSwidXJsIjoiaHR0cHM6XC9cL2Fndy13ZXR6aWtvbi5jaFwvaW5oYWx0XC93cC1jb250ZW50XC91cGxvYWRzXC8yMDI0XC8wNVwvMTMuMDMuMjAyM19kaWUtbmV1ZS1TZWlkZW5zdHJhc3NlLmpwZWciLCJzbGlkZXNob3ciOiIxYWEyY2NjIn0%3D\" rel='attachment' href='https:\/\/agw-wetzikon.ch\/inhalt\/wp-content\/uploads\/2024\/05\/13.03.2023_die-neue-Seidenstrasse.jpeg'><img fetchpriority=\"high\" decoding=\"async\" width=\"432\" height=\"432\" src=\"https:\/\/agw-wetzikon.ch\/inhalt\/wp-content\/uploads\/2024\/05\/13.03.2023_die-neue-Seidenstrasse-432x432.jpeg\" class=\"attachment-gallery-1-thumb size-gallery-1-thumb\" alt=\"\" srcset=\"https:\/\/agw-wetzikon.ch\/inhalt\/wp-content\/uploads\/2024\/05\/13.03.2023_die-neue-Seidenstrasse-432x432.jpeg 432w, https:\/\/agw-wetzikon.ch\/inhalt\/wp-content\/uploads\/2024\/05\/13.03.2023_die-neue-Seidenstrasse-150x150.jpeg 150w, https:\/\/agw-wetzikon.ch\/inhalt\/wp-content\/uploads\/2024\/05\/13.03.2023_die-neue-Seidenstrasse-268x268.jpeg 268w\" sizes=\"(max-width: 432px) 100vw, 432px\" \/><\/a>\n\t\t\t<\/div><\/figure>\n\t\t<\/div>\n\t\t<\/div>\n\t\t\t\t\t\t<\/div>\n\t\t\t\t<\/div>\n\t\t\t\t<\/div>\n\t\t<div class=\"elementor-element elementor-element-a9e44b4 e-con-full e-flex e-con e-parent\" data-id=\"a9e44b4\" data-element_type=\"container\" data-e-type=\"container\">\n\t\t\t\t<div class=\"elementor-element elementor-element-fae9311 elementor-widget__width-inherit elementor-widget elementor-widget-heading\" data-id=\"fae9311\" data-element_type=\"widget\" data-e-type=\"widget\" data-widget_type=\"heading.default\">\n\t\t\t\t<div class=\"elementor-widget-container\">\n\t\t\t\t\t<h2 class=\"elementor-heading-title elementor-size-default\">Donnerstag, 16. Februar 2023<\/h2>\t\t\t\t<\/div>\n\t\t\t\t<\/div>\n\t\t\t\t<div class=\"elementor-element elementor-element-12406ce elementor-widget elementor-widget-heading\" data-id=\"12406ce\" data-element_type=\"widget\" data-e-type=\"widget\" data-widget_type=\"heading.default\">\n\t\t\t\t<div class=\"elementor-widget-container\">\n\t\t\t\t\t<h2 class=\"elementor-heading-title elementor-size-default\">Wie die Seide nach Wetzikon kam<\/h2>\t\t\t\t<\/div>\n\t\t\t\t<\/div>\n\t\t\t\t<div class=\"elementor-element elementor-element-c0482d4 elementor-widget elementor-widget-text-editor\" data-id=\"c0482d4\" data-element_type=\"widget\" data-e-type=\"widget\" data-widget_type=\"text-editor.default\">\n\t\t\t\t<div class=\"elementor-widget-container\">\n\t\t\t\t\t\t\t\t\t<p>Am Vortragsabend erz\u00e4hlte uns Jusuf Pras\u030covic\u0301, &#8222;wie die Seide nach Wetzikon kam&#8220;. F\u00fcr viele im Puklikum war die Erkenntnis neu, dass der Stellenwert der Seide \u00fcber l\u00e4ngere Zeit in unserer Stadt, die damals noch ein Dorf war, und der n\u00e4heren Umgebung gr\u00f6sser was als bisher angenommen.<\/p>\t\t\t\t\t\t\t\t<\/div>\n\t\t\t\t<\/div>\n\t\t\t\t<\/div>\n\t\t<div class=\"elementor-element elementor-element-076beee e-con-full e-flex e-con e-parent\" data-id=\"076beee\" data-element_type=\"container\" data-e-type=\"container\">\n\t\t<div class=\"elementor-element elementor-element-1249385 e-con-full e-flex e-con e-child\" data-id=\"1249385\" data-element_type=\"container\" data-e-type=\"container\">\n\t\t\t\t<div class=\"elementor-element elementor-element-1afa918 elementor-widget__width-inherit elementor-widget elementor-widget-heading\" data-id=\"1afa918\" data-element_type=\"widget\" data-e-type=\"widget\" data-widget_type=\"heading.default\">\n\t\t\t\t<div class=\"elementor-widget-container\">\n\t\t\t\t\t<h2 class=\"elementor-heading-title elementor-size-default\">Freitag, 06. Januar 2023<\/h2>\t\t\t\t<\/div>\n\t\t\t\t<\/div>\n\t\t\t\t<div class=\"elementor-element elementor-element-378f2e5 elementor-widget elementor-widget-heading\" data-id=\"378f2e5\" data-element_type=\"widget\" data-e-type=\"widget\" data-widget_type=\"heading.default\">\n\t\t\t\t<div class=\"elementor-widget-container\">\n\t\t\t\t\t<h2 class=\"elementor-heading-title elementor-size-default\">Jahresanfang - mit Kl\u00e4gen des Wetziker DUoARTE<\/h2>\t\t\t\t<\/div>\n\t\t\t\t<\/div>\n\t\t\t\t<div class=\"elementor-element elementor-element-520b03f elementor-widget elementor-widget-text-editor\" data-id=\"520b03f\" data-element_type=\"widget\" data-e-type=\"widget\" data-widget_type=\"text-editor.default\">\n\t\t\t\t<div class=\"elementor-widget-container\">\n\t\t\t\t\t\t\t\t\tDen traditionellen Gesellschaftsanlass unterzogen wir einer kleinen Auffrischung, setzten ihn schon Anfang Jahr mit Beginn eine Stunde fr\u00fcher als bisher an und liessen ihn so zur Jahresanfangs-Feier werden. Zwischen den einzelnen G\u00e4ngen des schmackhaften Nachtessens brachte uns das schon lange in Wetzikon lebende DUoARTE mit M\u00f4nica Kato Duarte (Klavier) und Isaac Duarte (Oboe, Englischorn) f\u00fcr die kommenden 359 Tage in Schwung.\t\t\t\t\t\t\t\t<\/div>\n\t\t\t\t<\/div>\n\t\t\t\t<div class=\"elementor-element elementor-element-97a8a5e elementor-widget elementor-widget-image-gallery\" data-id=\"97a8a5e\" data-element_type=\"widget\" data-e-type=\"widget\" data-widget_type=\"image-gallery.default\">\n\t\t\t\t<div class=\"elementor-widget-container\">\n\t\t\t\t\t\t\t<div class=\"elementor-image-gallery\">\n\t\t\t<div id='gallery-3' class='gallery galleryid-1946 gallery-columns-2 gallery-size-gallery-2-thumb'><figure class='gallery-item'>\n\t\t\t<div class='gallery-icon portrait'>\n\t\t\t\t<a data-elementor-open-lightbox=\"yes\" data-elementor-lightbox-slideshow=\"97a8a5e\" data-elementor-lightbox-title=\"Jahrensanfang mit dem Wetziker DUoARTE\" data-e-action-hash=\"#elementor-action%3Aaction%3Dlightbox%26settings%3DeyJpZCI6MjE0NSwidXJsIjoiaHR0cHM6XC9cL2Fndy13ZXR6aWtvbi5jaFwvaW5oYWx0XC93cC1jb250ZW50XC91cGxvYWRzXC8yMDI0XC8wOFwvMDYuMDEuMjAyM19KYWhyZW5zYW5mYW5nXy1EVW9BUlRFXzEuanBlZyIsInNsaWRlc2hvdyI6Ijk3YThhNWUifQ%3D%3D\" rel='attachment' href='https:\/\/agw-wetzikon.ch\/inhalt\/wp-content\/uploads\/2024\/08\/06.01.2023_Jahrensanfang_-DUoARTE_1.jpeg'><img decoding=\"async\" width=\"268\" height=\"268\" src=\"https:\/\/agw-wetzikon.ch\/inhalt\/wp-content\/uploads\/2024\/08\/06.01.2023_Jahrensanfang_-DUoARTE_1-268x268.jpeg\" class=\"attachment-gallery-2-thumb size-gallery-2-thumb\" alt=\"\" aria-describedby=\"gallery-3-2145\" srcset=\"https:\/\/agw-wetzikon.ch\/inhalt\/wp-content\/uploads\/2024\/08\/06.01.2023_Jahrensanfang_-DUoARTE_1-268x268.jpeg 268w, https:\/\/agw-wetzikon.ch\/inhalt\/wp-content\/uploads\/2024\/08\/06.01.2023_Jahrensanfang_-DUoARTE_1-150x150.jpeg 150w, https:\/\/agw-wetzikon.ch\/inhalt\/wp-content\/uploads\/2024\/08\/06.01.2023_Jahrensanfang_-DUoARTE_1-432x432.jpeg 432w\" sizes=\"(max-width: 268px) 100vw, 268px\" \/><\/a>\n\t\t\t<\/div>\n\t\t\t\t<figcaption class='wp-caption-text gallery-caption' id='gallery-3-2145'>\n\t\t\t\tJahrensanfang mit dem Wetziker DUoARTE\n\t\t\t\t<\/figcaption><\/figure><figure class='gallery-item'>\n\t\t\t<div class='gallery-icon portrait'>\n\t\t\t\t<a data-elementor-open-lightbox=\"yes\" data-elementor-lightbox-slideshow=\"97a8a5e\" data-elementor-lightbox-title=\"Jahrensanfang mit dem Wetziker DUoARTE\" data-e-action-hash=\"#elementor-action%3Aaction%3Dlightbox%26settings%3DeyJpZCI6MjE0NiwidXJsIjoiaHR0cHM6XC9cL2Fndy13ZXR6aWtvbi5jaFwvaW5oYWx0XC93cC1jb250ZW50XC91cGxvYWRzXC8yMDI0XC8wOFwvMDYuMDEuMjAyM19KYWhyZW5zYW5mYW5nXy1EVW9BUlRFXzIuanBlZyIsInNsaWRlc2hvdyI6Ijk3YThhNWUifQ%3D%3D\" rel='attachment' href='https:\/\/agw-wetzikon.ch\/inhalt\/wp-content\/uploads\/2024\/08\/06.01.2023_Jahrensanfang_-DUoARTE_2.jpeg'><img decoding=\"async\" width=\"268\" height=\"268\" src=\"https:\/\/agw-wetzikon.ch\/inhalt\/wp-content\/uploads\/2024\/08\/06.01.2023_Jahrensanfang_-DUoARTE_2-268x268.jpeg\" class=\"attachment-gallery-2-thumb size-gallery-2-thumb\" alt=\"\" aria-describedby=\"gallery-3-2146\" srcset=\"https:\/\/agw-wetzikon.ch\/inhalt\/wp-content\/uploads\/2024\/08\/06.01.2023_Jahrensanfang_-DUoARTE_2-268x268.jpeg 268w, https:\/\/agw-wetzikon.ch\/inhalt\/wp-content\/uploads\/2024\/08\/06.01.2023_Jahrensanfang_-DUoARTE_2-150x150.jpeg 150w, https:\/\/agw-wetzikon.ch\/inhalt\/wp-content\/uploads\/2024\/08\/06.01.2023_Jahrensanfang_-DUoARTE_2-432x432.jpeg 432w\" sizes=\"(max-width: 268px) 100vw, 268px\" \/><\/a>\n\t\t\t<\/div>\n\t\t\t\t<figcaption class='wp-caption-text gallery-caption' id='gallery-3-2146'>\n\t\t\t\tJahrensanfang mit dem Wetziker DUoARTE\n\t\t\t\t<\/figcaption><\/figure>\n\t\t<\/div>\n\t\t<\/div>\n\t\t\t\t\t\t<\/div>\n\t\t\t\t<\/div>\n\t\t\t\t<\/div>\n\t\t\t\t<\/div>\n\t\t<div class=\"elementor-element elementor-element-2128dfc e-flex e-con-boxed e-con e-parent\" data-id=\"2128dfc\" data-element_type=\"container\" data-e-type=\"container\">\n\t\t\t\t\t<div class=\"e-con-inner\">\n\t\t\t\t<div class=\"elementor-element elementor-element-f54ef60 elementor-widget__width-inherit elementor-widget elementor-widget-heading\" data-id=\"f54ef60\" data-element_type=\"widget\" data-e-type=\"widget\" data-widget_type=\"heading.default\">\n\t\t\t\t<div class=\"elementor-widget-container\">\n\t\t\t\t\t<h2 class=\"elementor-heading-title elementor-size-default\">Donnerstag, 08 . Dezember 2022<\/h2>\t\t\t\t<\/div>\n\t\t\t\t<\/div>\n\t\t\t\t<div class=\"elementor-element elementor-element-632f8a3 elementor-widget elementor-widget-heading\" data-id=\"632f8a3\" data-element_type=\"widget\" data-e-type=\"widget\" data-widget_type=\"heading.default\">\n\t\t\t\t<div class=\"elementor-widget-container\">\n\t\t\t\t\t<h2 class=\"elementor-heading-title elementor-size-default\">Advent Advent<\/h2>\t\t\t\t<\/div>\n\t\t\t\t<\/div>\n\t\t\t\t<div class=\"elementor-element elementor-element-b23ddb5 elementor-widget elementor-widget-text-editor\" data-id=\"b23ddb5\" data-element_type=\"widget\" data-e-type=\"widget\" data-widget_type=\"text-editor.default\">\n\t\t\t\t<div class=\"elementor-widget-container\">\n\t\t\t\t\t\t\t\t\t<p>Museumsleiterin Gaby Fl\u00fceler zieht f\u00fcr uns ein vorl\u00e4ufiges Fazit zur Sonderausstellung \u00a0&#8222;Seidenfein&#8220;, die sie kurzfristig aus Best\u00e4nden der Idewe konzipiert hatte. Der Anlass wurde einmal mehr umrahmt von unserem &#8222;Hausorchester&#8220; Trio Armonico, das am Schluss gleich auch noch auf die n\u00e4chste, dem Wetziker S\u00e4ngervater Hans Georg N\u00e4geli gewidmete Sonderausstellung einstimmte. Anschliessend gab es ein gem\u00fctliches Zusammensein.<\/p>\t\t\t\t\t\t\t\t<\/div>\n\t\t\t\t<\/div>\n\t\t\t\t<div class=\"elementor-element elementor-element-125cfb3 elementor-widget elementor-widget-image-gallery\" data-id=\"125cfb3\" data-element_type=\"widget\" data-e-type=\"widget\" data-widget_type=\"image-gallery.default\">\n\t\t\t\t<div class=\"elementor-widget-container\">\n\t\t\t\t\t\t\t<div class=\"elementor-image-gallery\">\n\t\t\t<div id='gallery-4' class='gallery galleryid-1946 gallery-columns-3 gallery-size-gallery-1-thumb'><figure class='gallery-item'>\n\t\t\t<div class='gallery-icon portrait'>\n\t\t\t\t<a data-elementor-open-lightbox=\"yes\" data-elementor-lightbox-slideshow=\"125cfb3\" data-elementor-lightbox-title=\"Advent Advent\" data-e-action-hash=\"#elementor-action%3Aaction%3Dlightbox%26settings%3DeyJpZCI6MjAzMiwidXJsIjoiaHR0cHM6XC9cL2Fndy13ZXR6aWtvbi5jaFwvaW5oYWx0XC93cC1jb250ZW50XC91cGxvYWRzXC8yMDI0XC8wNVwvMDguMTIuMjAyMl9BZHZlbnRBZHZlbnRfMy5qcGVnIiwic2xpZGVzaG93IjoiMTI1Y2ZiMyJ9\" rel='attachment' href='https:\/\/agw-wetzikon.ch\/inhalt\/wp-content\/uploads\/2024\/05\/08.12.2022_AdventAdvent_3.jpeg'><img loading=\"lazy\" decoding=\"async\" width=\"432\" height=\"432\" src=\"https:\/\/agw-wetzikon.ch\/inhalt\/wp-content\/uploads\/2024\/05\/08.12.2022_AdventAdvent_3-432x432.jpeg\" class=\"attachment-gallery-1-thumb size-gallery-1-thumb\" alt=\"\" srcset=\"https:\/\/agw-wetzikon.ch\/inhalt\/wp-content\/uploads\/2024\/05\/08.12.2022_AdventAdvent_3-432x432.jpeg 432w, https:\/\/agw-wetzikon.ch\/inhalt\/wp-content\/uploads\/2024\/05\/08.12.2022_AdventAdvent_3-150x150.jpeg 150w, https:\/\/agw-wetzikon.ch\/inhalt\/wp-content\/uploads\/2024\/05\/08.12.2022_AdventAdvent_3-268x268.jpeg 268w\" sizes=\"(max-width: 432px) 100vw, 432px\" \/><\/a>\n\t\t\t<\/div><\/figure><figure class='gallery-item'>\n\t\t\t<div class='gallery-icon landscape'>\n\t\t\t\t<a data-elementor-open-lightbox=\"yes\" data-elementor-lightbox-slideshow=\"125cfb3\" data-elementor-lightbox-title=\"Advent Advent\" data-e-action-hash=\"#elementor-action%3Aaction%3Dlightbox%26settings%3DeyJpZCI6MjAzMSwidXJsIjoiaHR0cHM6XC9cL2Fndy13ZXR6aWtvbi5jaFwvaW5oYWx0XC93cC1jb250ZW50XC91cGxvYWRzXC8yMDI0XC8wNVwvMDguMTIuMjAyMl9BZHZlbnRBZHZlbnRfMi5qcGVnIiwic2xpZGVzaG93IjoiMTI1Y2ZiMyJ9\" rel='attachment' href='https:\/\/agw-wetzikon.ch\/inhalt\/wp-content\/uploads\/2024\/05\/08.12.2022_AdventAdvent_2.jpeg'><img loading=\"lazy\" decoding=\"async\" width=\"432\" height=\"432\" src=\"https:\/\/agw-wetzikon.ch\/inhalt\/wp-content\/uploads\/2024\/05\/08.12.2022_AdventAdvent_2-432x432.jpeg\" class=\"attachment-gallery-1-thumb size-gallery-1-thumb\" alt=\"\" srcset=\"https:\/\/agw-wetzikon.ch\/inhalt\/wp-content\/uploads\/2024\/05\/08.12.2022_AdventAdvent_2-432x432.jpeg 432w, https:\/\/agw-wetzikon.ch\/inhalt\/wp-content\/uploads\/2024\/05\/08.12.2022_AdventAdvent_2-150x150.jpeg 150w, https:\/\/agw-wetzikon.ch\/inhalt\/wp-content\/uploads\/2024\/05\/08.12.2022_AdventAdvent_2-268x268.jpeg 268w\" sizes=\"(max-width: 432px) 100vw, 432px\" \/><\/a>\n\t\t\t<\/div><\/figure><figure class='gallery-item'>\n\t\t\t<div class='gallery-icon landscape'>\n\t\t\t\t<a data-elementor-open-lightbox=\"yes\" data-elementor-lightbox-slideshow=\"125cfb3\" data-elementor-lightbox-title=\"Advent Advent\" data-e-action-hash=\"#elementor-action%3Aaction%3Dlightbox%26settings%3DeyJpZCI6MjAzMCwidXJsIjoiaHR0cHM6XC9cL2Fndy13ZXR6aWtvbi5jaFwvaW5oYWx0XC93cC1jb250ZW50XC91cGxvYWRzXC8yMDI0XC8wNVwvMDguMTIuMjAyMl9BZHZlbnRBZHZlbnRfMS5qcGVnIiwic2xpZGVzaG93IjoiMTI1Y2ZiMyJ9\" rel='attachment' href='https:\/\/agw-wetzikon.ch\/inhalt\/wp-content\/uploads\/2024\/05\/08.12.2022_AdventAdvent_1.jpeg'><img loading=\"lazy\" decoding=\"async\" width=\"432\" height=\"432\" src=\"https:\/\/agw-wetzikon.ch\/inhalt\/wp-content\/uploads\/2024\/05\/08.12.2022_AdventAdvent_1-432x432.jpeg\" class=\"attachment-gallery-1-thumb size-gallery-1-thumb\" alt=\"\" srcset=\"https:\/\/agw-wetzikon.ch\/inhalt\/wp-content\/uploads\/2024\/05\/08.12.2022_AdventAdvent_1-432x432.jpeg 432w, https:\/\/agw-wetzikon.ch\/inhalt\/wp-content\/uploads\/2024\/05\/08.12.2022_AdventAdvent_1-150x150.jpeg 150w, https:\/\/agw-wetzikon.ch\/inhalt\/wp-content\/uploads\/2024\/05\/08.12.2022_AdventAdvent_1-268x268.jpeg 268w\" sizes=\"(max-width: 432px) 100vw, 432px\" \/><\/a>\n\t\t\t<\/div><\/figure><figure class='gallery-item'>\n\t\t\t<div class='gallery-icon landscape'>\n\t\t\t\t<a data-elementor-open-lightbox=\"yes\" data-elementor-lightbox-slideshow=\"125cfb3\" data-elementor-lightbox-title=\"Advent Advent\" data-e-action-hash=\"#elementor-action%3Aaction%3Dlightbox%26settings%3DeyJpZCI6MjAzNCwidXJsIjoiaHR0cHM6XC9cL2Fndy13ZXR6aWtvbi5jaFwvaW5oYWx0XC93cC1jb250ZW50XC91cGxvYWRzXC8yMDI0XC8wNVwvMDguMTIuMjAyMl9BZHZlbnRBZHZlbnRfNS5qcGVnIiwic2xpZGVzaG93IjoiMTI1Y2ZiMyJ9\" rel='attachment' href='https:\/\/agw-wetzikon.ch\/inhalt\/wp-content\/uploads\/2024\/05\/08.12.2022_AdventAdvent_5.jpeg'><img loading=\"lazy\" decoding=\"async\" width=\"432\" height=\"432\" src=\"https:\/\/agw-wetzikon.ch\/inhalt\/wp-content\/uploads\/2024\/05\/08.12.2022_AdventAdvent_5-432x432.jpeg\" class=\"attachment-gallery-1-thumb size-gallery-1-thumb\" alt=\"\" srcset=\"https:\/\/agw-wetzikon.ch\/inhalt\/wp-content\/uploads\/2024\/05\/08.12.2022_AdventAdvent_5-432x432.jpeg 432w, https:\/\/agw-wetzikon.ch\/inhalt\/wp-content\/uploads\/2024\/05\/08.12.2022_AdventAdvent_5-150x150.jpeg 150w, https:\/\/agw-wetzikon.ch\/inhalt\/wp-content\/uploads\/2024\/05\/08.12.2022_AdventAdvent_5-268x268.jpeg 268w\" sizes=\"(max-width: 432px) 100vw, 432px\" \/><\/a>\n\t\t\t<\/div><\/figure>\n\t\t<\/div>\n\t\t<\/div>\n\t\t\t\t\t\t<\/div>\n\t\t\t\t<\/div>\n\t\t\t\t\t<\/div>\n\t\t\t\t<\/div>\n\t\t<div class=\"elementor-element elementor-element-6d25967 e-con-full e-flex e-con e-parent\" data-id=\"6d25967\" data-element_type=\"container\" data-e-type=\"container\">\n\t\t\t\t<div class=\"elementor-element elementor-element-cf8539d elementor-widget__width-inherit elementor-widget elementor-widget-heading\" data-id=\"cf8539d\" data-element_type=\"widget\" data-e-type=\"widget\" data-widget_type=\"heading.default\">\n\t\t\t\t<div class=\"elementor-widget-container\">\n\t\t\t\t\t<h2 class=\"elementor-heading-title elementor-size-default\">Donnerstag, 17. November 2022<\/h2>\t\t\t\t<\/div>\n\t\t\t\t<\/div>\n\t\t\t\t<div class=\"elementor-element elementor-element-9f948fc elementor-widget elementor-widget-heading\" data-id=\"9f948fc\" data-element_type=\"widget\" data-e-type=\"widget\" data-widget_type=\"heading.default\">\n\t\t\t\t<div class=\"elementor-widget-container\">\n\t\t\t\t\t<h2 class=\"elementor-heading-title elementor-size-default\">Heinrich Kunz von Oetwil in Uster - der \"Spinnerk\u00f6nig\"<\/h2>\t\t\t\t<\/div>\n\t\t\t\t<\/div>\n\t\t\t\t<div class=\"elementor-element elementor-element-be0db26 elementor-widget elementor-widget-text-editor\" data-id=\"be0db26\" data-element_type=\"widget\" data-e-type=\"widget\" data-widget_type=\"text-editor.default\">\n\t\t\t\t<div class=\"elementor-widget-container\">\n\t\t\t\t\t\t\t\t\t<p>Aufschlussreiches Referat von Werner Bosshard zum &#8222;Spinnerk\u00f6nig&#8220; Heinrich Kunz. Der ehemalige Bankfachmann und langj\u00e4hrige Oetwiler Gemeinderat hat seine Liebe zur (Lokal-) Geschichte erst nach seiner Pensionierung entdeckt. Er enstammt einer Bauernfamilie, die ihr Heim rund 200 Meter von Kunz&#8216; Geburtsort entfernt hat und zeichnete dank seinem Zugang zum Familienarchiv ein neues Bild von Kunz. Das Thema &#8222;Seide&#8220; sollte uns in den kommenden Monaten noch weiter besch\u00e4ftigen.<\/p>\t\t\t\t\t\t\t\t<\/div>\n\t\t\t\t<\/div>\n\t\t\t\t<div class=\"elementor-element elementor-element-fa6ceb7 elementor-widget elementor-widget-image-gallery\" data-id=\"fa6ceb7\" data-element_type=\"widget\" data-e-type=\"widget\" data-widget_type=\"image-gallery.default\">\n\t\t\t\t<div class=\"elementor-widget-container\">\n\t\t\t\t\t\t\t<div class=\"elementor-image-gallery\">\n\t\t\t<div id='gallery-5' class='gallery galleryid-1946 gallery-columns-3 gallery-size-gallery-1-thumb'><figure class='gallery-item'>\n\t\t\t<div class='gallery-icon portrait'>\n\t\t\t\t<a data-elementor-open-lightbox=\"yes\" data-elementor-lightbox-slideshow=\"fa6ceb7\" data-elementor-lightbox-title=\"Vortrag_Heinrich Kunz von Oetwil in Uster - der &quot;Spinnerk\u00f6nig&quot;\" data-e-action-hash=\"#elementor-action%3Aaction%3Dlightbox%26settings%3DeyJpZCI6MjAxMCwidXJsIjoiaHR0cHM6XC9cL2Fndy13ZXR6aWtvbi5jaFwvaW5oYWx0XC93cC1jb250ZW50XC91cGxvYWRzXC8yMDI0XC8wNVwvVm9ydHJhZ19kZXItU3Bpbm5lcmtvZW5pZ18xNy4xMS4yMDIyLmpwZWciLCJzbGlkZXNob3ciOiJmYTZjZWI3In0%3D\" rel='attachment' href='https:\/\/agw-wetzikon.ch\/inhalt\/wp-content\/uploads\/2024\/05\/Vortrag_der-Spinnerkoenig_17.11.2022.jpeg'><img loading=\"lazy\" decoding=\"async\" width=\"432\" height=\"432\" src=\"https:\/\/agw-wetzikon.ch\/inhalt\/wp-content\/uploads\/2024\/05\/Vortrag_der-Spinnerkoenig_17.11.2022-432x432.jpeg\" class=\"attachment-gallery-1-thumb size-gallery-1-thumb\" alt=\"\" aria-describedby=\"gallery-5-2010\" srcset=\"https:\/\/agw-wetzikon.ch\/inhalt\/wp-content\/uploads\/2024\/05\/Vortrag_der-Spinnerkoenig_17.11.2022-432x432.jpeg 432w, https:\/\/agw-wetzikon.ch\/inhalt\/wp-content\/uploads\/2024\/05\/Vortrag_der-Spinnerkoenig_17.11.2022-150x150.jpeg 150w, https:\/\/agw-wetzikon.ch\/inhalt\/wp-content\/uploads\/2024\/05\/Vortrag_der-Spinnerkoenig_17.11.2022-268x268.jpeg 268w\" sizes=\"(max-width: 432px) 100vw, 432px\" \/><\/a>\n\t\t\t<\/div>\n\t\t\t\t<figcaption class='wp-caption-text gallery-caption' id='gallery-5-2010'>\n\t\t\t\tVortag &#8211; Werner Bosshard\n\t\t\t\t<\/figcaption><\/figure><figure class='gallery-item'>\n\t\t\t<div class='gallery-icon landscape'>\n\t\t\t\t<a data-elementor-open-lightbox=\"yes\" data-elementor-lightbox-slideshow=\"fa6ceb7\" data-elementor-lightbox-title=\"Vortrag_Heinrich Kunz von Oetwil in Uster - der &quot;Spinnerk\u00f6nig&quot;\" data-e-action-hash=\"#elementor-action%3Aaction%3Dlightbox%26settings%3DeyJpZCI6MjAwOSwidXJsIjoiaHR0cHM6XC9cL2Fndy13ZXR6aWtvbi5jaFwvaW5oYWx0XC93cC1jb250ZW50XC91cGxvYWRzXC8yMDI0XC8wNVwvVm9ydHJhZ19kZXItU3Bpbm5lcmtvZW5pZ181XzE3LjExLjIwMjIuanBlZyIsInNsaWRlc2hvdyI6ImZhNmNlYjcifQ%3D%3D\" rel='attachment' href='https:\/\/agw-wetzikon.ch\/inhalt\/wp-content\/uploads\/2024\/05\/Vortrag_der-Spinnerkoenig_5_17.11.2022.jpeg'><img loading=\"lazy\" decoding=\"async\" width=\"432\" height=\"432\" src=\"https:\/\/agw-wetzikon.ch\/inhalt\/wp-content\/uploads\/2024\/05\/Vortrag_der-Spinnerkoenig_5_17.11.2022-432x432.jpeg\" class=\"attachment-gallery-1-thumb size-gallery-1-thumb\" alt=\"\" srcset=\"https:\/\/agw-wetzikon.ch\/inhalt\/wp-content\/uploads\/2024\/05\/Vortrag_der-Spinnerkoenig_5_17.11.2022-432x432.jpeg 432w, https:\/\/agw-wetzikon.ch\/inhalt\/wp-content\/uploads\/2024\/05\/Vortrag_der-Spinnerkoenig_5_17.11.2022-150x150.jpeg 150w, https:\/\/agw-wetzikon.ch\/inhalt\/wp-content\/uploads\/2024\/05\/Vortrag_der-Spinnerkoenig_5_17.11.2022-268x268.jpeg 268w\" sizes=\"(max-width: 432px) 100vw, 432px\" \/><\/a>\n\t\t\t<\/div><\/figure><figure class='gallery-item'>\n\t\t\t<div class='gallery-icon landscape'>\n\t\t\t\t<a data-elementor-open-lightbox=\"yes\" data-elementor-lightbox-slideshow=\"fa6ceb7\" data-elementor-lightbox-title=\"Vortrag_Heinrich Kunz von Oetwil in Uster - der &quot;Spinnerk\u00f6nig&quot;\" data-e-action-hash=\"#elementor-action%3Aaction%3Dlightbox%26settings%3DeyJpZCI6MjAwOCwidXJsIjoiaHR0cHM6XC9cL2Fndy13ZXR6aWtvbi5jaFwvaW5oYWx0XC93cC1jb250ZW50XC91cGxvYWRzXC8yMDI0XC8wNVwvVm9ydHJhZ19kZXItU3Bpbm5lcmtvZW5pZ180XzE3LjExLjIwMjIuanBlZyIsInNsaWRlc2hvdyI6ImZhNmNlYjcifQ%3D%3D\" rel='attachment' href='https:\/\/agw-wetzikon.ch\/inhalt\/wp-content\/uploads\/2024\/05\/Vortrag_der-Spinnerkoenig_4_17.11.2022.jpeg'><img loading=\"lazy\" decoding=\"async\" width=\"432\" height=\"432\" src=\"https:\/\/agw-wetzikon.ch\/inhalt\/wp-content\/uploads\/2024\/05\/Vortrag_der-Spinnerkoenig_4_17.11.2022-432x432.jpeg\" class=\"attachment-gallery-1-thumb size-gallery-1-thumb\" alt=\"\" srcset=\"https:\/\/agw-wetzikon.ch\/inhalt\/wp-content\/uploads\/2024\/05\/Vortrag_der-Spinnerkoenig_4_17.11.2022-432x432.jpeg 432w, https:\/\/agw-wetzikon.ch\/inhalt\/wp-content\/uploads\/2024\/05\/Vortrag_der-Spinnerkoenig_4_17.11.2022-150x150.jpeg 150w, https:\/\/agw-wetzikon.ch\/inhalt\/wp-content\/uploads\/2024\/05\/Vortrag_der-Spinnerkoenig_4_17.11.2022-268x268.jpeg 268w\" sizes=\"(max-width: 432px) 100vw, 432px\" \/><\/a>\n\t\t\t<\/div><\/figure><figure class='gallery-item'>\n\t\t\t<div class='gallery-icon landscape'>\n\t\t\t\t<a data-elementor-open-lightbox=\"yes\" data-elementor-lightbox-slideshow=\"fa6ceb7\" data-elementor-lightbox-title=\"Vortrag_Heinrich Kunz von Oetwil in Uster - der &quot;Spinnerk\u00f6nig&quot;\" data-e-action-hash=\"#elementor-action%3Aaction%3Dlightbox%26settings%3DeyJpZCI6MjAwNywidXJsIjoiaHR0cHM6XC9cL2Fndy13ZXR6aWtvbi5jaFwvaW5oYWx0XC93cC1jb250ZW50XC91cGxvYWRzXC8yMDI0XC8wNVwvVm9ydHJhZ19kZXItU3Bpbm5lcmtvZW5pZ18zXzcuMTEuMjAyMi5qcGVnIiwic2xpZGVzaG93IjoiZmE2Y2ViNyJ9\" rel='attachment' href='https:\/\/agw-wetzikon.ch\/inhalt\/wp-content\/uploads\/2024\/05\/Vortrag_der-Spinnerkoenig_3_7.11.2022.jpeg'><img loading=\"lazy\" decoding=\"async\" width=\"432\" height=\"432\" src=\"https:\/\/agw-wetzikon.ch\/inhalt\/wp-content\/uploads\/2024\/05\/Vortrag_der-Spinnerkoenig_3_7.11.2022-432x432.jpeg\" class=\"attachment-gallery-1-thumb size-gallery-1-thumb\" alt=\"\" srcset=\"https:\/\/agw-wetzikon.ch\/inhalt\/wp-content\/uploads\/2024\/05\/Vortrag_der-Spinnerkoenig_3_7.11.2022-432x432.jpeg 432w, https:\/\/agw-wetzikon.ch\/inhalt\/wp-content\/uploads\/2024\/05\/Vortrag_der-Spinnerkoenig_3_7.11.2022-150x150.jpeg 150w, https:\/\/agw-wetzikon.ch\/inhalt\/wp-content\/uploads\/2024\/05\/Vortrag_der-Spinnerkoenig_3_7.11.2022-268x268.jpeg 268w\" sizes=\"(max-width: 432px) 100vw, 432px\" \/><\/a>\n\t\t\t<\/div><\/figure><figure class='gallery-item'>\n\t\t\t<div class='gallery-icon landscape'>\n\t\t\t\t<a data-elementor-open-lightbox=\"yes\" data-elementor-lightbox-slideshow=\"fa6ceb7\" data-elementor-lightbox-title=\"Vortrag_Heinrich Kunz von Oetwil in Uster - der &quot;Spinnerk\u00f6nig&quot;\" data-e-action-hash=\"#elementor-action%3Aaction%3Dlightbox%26settings%3DeyJpZCI6MjAwNiwidXJsIjoiaHR0cHM6XC9cL2Fndy13ZXR6aWtvbi5jaFwvaW5oYWx0XC93cC1jb250ZW50XC91cGxvYWRzXC8yMDI0XC8wNVwvVm9ydHJhZ19kZXItU3Bpbm5lcmtvZW5pZ18yXzE3LjExLjIwMjIuanBlZyIsInNsaWRlc2hvdyI6ImZhNmNlYjcifQ%3D%3D\" rel='attachment' href='https:\/\/agw-wetzikon.ch\/inhalt\/wp-content\/uploads\/2024\/05\/Vortrag_der-Spinnerkoenig_2_17.11.2022.jpeg'><img loading=\"lazy\" decoding=\"async\" width=\"432\" height=\"432\" src=\"https:\/\/agw-wetzikon.ch\/inhalt\/wp-content\/uploads\/2024\/05\/Vortrag_der-Spinnerkoenig_2_17.11.2022-432x432.jpeg\" class=\"attachment-gallery-1-thumb size-gallery-1-thumb\" alt=\"\" srcset=\"https:\/\/agw-wetzikon.ch\/inhalt\/wp-content\/uploads\/2024\/05\/Vortrag_der-Spinnerkoenig_2_17.11.2022-432x432.jpeg 432w, https:\/\/agw-wetzikon.ch\/inhalt\/wp-content\/uploads\/2024\/05\/Vortrag_der-Spinnerkoenig_2_17.11.2022-150x150.jpeg 150w, https:\/\/agw-wetzikon.ch\/inhalt\/wp-content\/uploads\/2024\/05\/Vortrag_der-Spinnerkoenig_2_17.11.2022-268x268.jpeg 268w\" sizes=\"(max-width: 432px) 100vw, 432px\" \/><\/a>\n\t\t\t<\/div><\/figure><figure class='gallery-item'>\n\t\t\t<div class='gallery-icon landscape'>\n\t\t\t\t<a data-elementor-open-lightbox=\"yes\" data-elementor-lightbox-slideshow=\"fa6ceb7\" data-elementor-lightbox-title=\"Vortrag_Heinrich Kunz von Oetwil in Uster - der &quot;Spinnerk\u00f6nig&quot;\" data-e-action-hash=\"#elementor-action%3Aaction%3Dlightbox%26settings%3DeyJpZCI6MjAwNCwidXJsIjoiaHR0cHM6XC9cL2Fndy13ZXR6aWtvbi5jaFwvaW5oYWx0XC93cC1jb250ZW50XC91cGxvYWRzXC8yMDI0XC8wNVwvVm9ydHJhZ19kZXItU3Bpbm5lcmtvZW5pZ18xXzE3LjExLjIwMjIuanBlZyIsInNsaWRlc2hvdyI6ImZhNmNlYjcifQ%3D%3D\" rel='attachment' href='https:\/\/agw-wetzikon.ch\/inhalt\/wp-content\/uploads\/2024\/05\/Vortrag_der-Spinnerkoenig_1_17.11.2022.jpeg'><img loading=\"lazy\" decoding=\"async\" width=\"432\" height=\"432\" src=\"https:\/\/agw-wetzikon.ch\/inhalt\/wp-content\/uploads\/2024\/05\/Vortrag_der-Spinnerkoenig_1_17.11.2022-432x432.jpeg\" class=\"attachment-gallery-1-thumb size-gallery-1-thumb\" alt=\"\" srcset=\"https:\/\/agw-wetzikon.ch\/inhalt\/wp-content\/uploads\/2024\/05\/Vortrag_der-Spinnerkoenig_1_17.11.2022-432x432.jpeg 432w, https:\/\/agw-wetzikon.ch\/inhalt\/wp-content\/uploads\/2024\/05\/Vortrag_der-Spinnerkoenig_1_17.11.2022-150x150.jpeg 150w, https:\/\/agw-wetzikon.ch\/inhalt\/wp-content\/uploads\/2024\/05\/Vortrag_der-Spinnerkoenig_1_17.11.2022-268x268.jpeg 268w\" sizes=\"(max-width: 432px) 100vw, 432px\" \/><\/a>\n\t\t\t<\/div><\/figure>\n\t\t<\/div>\n\t\t<\/div>\n\t\t\t\t\t\t<\/div>\n\t\t\t\t<\/div>\n\t\t\t\t<\/div>\n\t\t<div class=\"elementor-element elementor-element-cb1612c e-con-full e-flex e-con e-parent\" data-id=\"cb1612c\" data-element_type=\"container\" data-e-type=\"container\">\n\t\t\t\t<div class=\"elementor-element elementor-element-f0ae0c3 elementor-widget__width-inherit elementor-widget elementor-widget-heading\" data-id=\"f0ae0c3\" data-element_type=\"widget\" data-e-type=\"widget\" data-widget_type=\"heading.default\">\n\t\t\t\t<div class=\"elementor-widget-container\">\n\t\t\t\t\t<h2 class=\"elementor-heading-title elementor-size-default\">Samstag, 29. Oktober 2022<\/h2>\t\t\t\t<\/div>\n\t\t\t\t<\/div>\n\t\t\t\t<div class=\"elementor-element elementor-element-167e66a elementor-widget elementor-widget-heading\" data-id=\"167e66a\" data-element_type=\"widget\" data-e-type=\"widget\" data-widget_type=\"heading.default\">\n\t\t\t\t<div class=\"elementor-widget-container\">\n\t\t\t\t\t<h2 class=\"elementor-heading-title elementor-size-default\">Mitgliederversammlung<\/h2>\t\t\t\t<\/div>\n\t\t\t\t<\/div>\n\t\t\t\t<div class=\"elementor-element elementor-element-04888ad elementor-widget elementor-widget-text-editor\" data-id=\"04888ad\" data-element_type=\"widget\" data-e-type=\"widget\" data-widget_type=\"text-editor.default\">\n\t\t\t\t<div class=\"elementor-widget-container\">\n\t\t\t\t\t\t\t\t\t<p>In unserem Vereinslokal, dem Mehrzwecksaal der BWSZO, fand die gut besuchte Mitgliederversammlung statt. Die Traktandenliste war gl\u00fccklicherweise weniger befrachtet wie das einmal mehr sehr sehenswerte Kuchenb\u00fcffet zum anschliessenden Kaffee.<\/p>\t\t\t\t\t\t\t\t<\/div>\n\t\t\t\t<\/div>\n\t\t\t\t<\/div>\n\t\t<div class=\"elementor-element elementor-element-1ab233d e-con-full e-flex e-con e-parent\" data-id=\"1ab233d\" data-element_type=\"container\" data-e-type=\"container\">\n\t\t\t\t<div class=\"elementor-element elementor-element-9cc5d34 elementor-widget__width-inherit elementor-widget elementor-widget-heading\" data-id=\"9cc5d34\" data-element_type=\"widget\" data-e-type=\"widget\" data-widget_type=\"heading.default\">\n\t\t\t\t<div class=\"elementor-widget-container\">\n\t\t\t\t\t<h2 class=\"elementor-heading-title elementor-size-default\">Freitag, 30. September 2022<\/h2>\t\t\t\t<\/div>\n\t\t\t\t<\/div>\n\t\t\t\t<div class=\"elementor-element elementor-element-0b4000a elementor-widget elementor-widget-heading\" data-id=\"0b4000a\" data-element_type=\"widget\" data-e-type=\"widget\" data-widget_type=\"heading.default\">\n\t\t\t\t<div class=\"elementor-widget-container\">\n\t\t\t\t\t<h2 class=\"elementor-heading-title elementor-size-default\">Ausflug - Landesmuseum Liechtenstein in Vaduz<\/h2>\t\t\t\t<\/div>\n\t\t\t\t<\/div>\n\t\t\t\t<div class=\"elementor-element elementor-element-c484b07 elementor-widget elementor-widget-text-editor\" data-id=\"c484b07\" data-element_type=\"widget\" data-e-type=\"widget\" data-widget_type=\"text-editor.default\">\n\t\t\t\t<div class=\"elementor-widget-container\">\n\t\t\t\t\t\t\t\t\t<p>Das Vereinsjahr 2022\/23 begann mit einem gelungenen Herbstausflug ins Ausland, n\u00e4mlich ins sehenswerte Landesmuseum Vaduz, wo wir einer interessanten F\u00fchrung folgen konnten. Nach einem feinem Mittagessen hoch oben in Triesenberg ging es dann auf dem Umweg \u00fcbers Toggenburg wieder heimw\u00e4rts.<\/p>\t\t\t\t\t\t\t\t<\/div>\n\t\t\t\t<\/div>\n\t\t\t\t<\/div>\n\t\t\t\t<\/div>\n\t\t","protected":false},"excerpt":{"rendered":"<p>Donnerstag, 13. April 2023 Die neue Seidenstrasse Der Abschluss unserer Veranstaltungsreihe bildet der Bildvortrag von Ruth und Werner Reimann zu ihrer Bahnreise auf der Seidenstrasse durch Turkmenistan, Usbekistan und Kasachstan. Sie zeigen uns die Pracht von Baudenkm\u00e4lern aus fr\u00fcherer Zeit und sensiblisieren uns abschliessend auch f\u00fcr das Thema &#8222;Neue Seidenstrasse&#8220;. &#8230;<\/p>\n","protected":false},"author":1,"featured_media":0,"parent":0,"menu_order":0,"comment_status":"closed","ping_status":"closed","template":"","meta":{"footnotes":""},"class_list":["post-1946","page","type-page","status-publish","hentry","column","twocol"],"_links":{"self":[{"href":"https:\/\/agw-wetzikon.ch\/inhalt\/wp-json\/wp\/v2\/pages\/1946","targetHints":{"allow":["GET"]}}],"collection":[{"href":"https:\/\/agw-wetzikon.ch\/inhalt\/wp-json\/wp\/v2\/pages"}],"about":[{"href":"https:\/\/agw-wetzikon.ch\/inhalt\/wp-json\/wp\/v2\/types\/page"}],"author":[{"embeddable":true,"href":"https:\/\/agw-wetzikon.ch\/inhalt\/wp-json\/wp\/v2\/users\/1"}],"replies":[{"embeddable":true,"href":"https:\/\/agw-wetzikon.ch\/inhalt\/wp-json\/wp\/v2\/comments?post=1946"}],"version-history":[{"count":0,"href":"https:\/\/agw-wetzikon.ch\/inhalt\/wp-json\/wp\/v2\/pages\/1946\/revisions"}],"wp:attachment":[{"href":"https:\/\/agw-wetzikon.ch\/inhalt\/wp-json\/wp\/v2\/media?parent=1946"}],"curies":[{"name":"wp","href":"https:\/\/api.w.org\/{rel}","templated":true}]}}